{"id":2,"date":"2019-05-09T09:39:15","date_gmt":"2019-05-09T07:39:15","guid":{"rendered":"http:\/\/www.karwenka.at\/?page_id=2"},"modified":"2026-02-25T16:41:52","modified_gmt":"2026-02-25T14:41:52","slug":"termine","status":"publish","type":"page","link":"http:\/\/www.karwenka.at\/?page_id=2","title":{"rendered":"Termine"},"content":{"rendered":"<h3 style=\"text-align: center\"><span style=\"font-size: 24pt\">2026<\/span><\/h3>\n<h3 style=\"text-align: center\"><span style=\"color: #ff0000\"><strong>JUBIL\u00c4UM &#8211;\u00a0<\/strong><\/span><span style=\"color: #ff0000\"><strong>30. Fr\u00fchjahrskonzert der Blaskapelle KARWENKA<br \/>\n<\/strong><\/span><\/h3>\n<h3 style=\"text-align: center\"><strong>Sonntag 22. M\u00e4rz 2026,\u00a0 11:00 Uhr bis 14:00 Uhr<\/strong><\/h3>\n<h3 style=\"text-align: center\"><strong>Mehrzwecksaal Vereinsheim Arzl <\/strong><\/h3>\n<h4 style=\"text-align: center\">(Schusterbergweg 15, 6020 Innsbruck)<\/h4>\n<h4 style=\"text-align: center\">Eintritt: Freiwillige Spenden<\/h4>\n<h3 style=\"text-align: center\">F\u00fcr die kulinarische Betreuung unserer G\u00e4ste sorgen die MusikantInnen der Stadtmusikkapelle Innsbruck-Arzl!<\/h3>\n<h4 style=\"text-align: center\"><span style=\"color: #ff0000\">Sitzplatzreservierung<\/span> per <strong>E-Mail: karwenka@gmx.at\u00a0\u00a0<\/strong><\/h4>\n<h4 style=\"text-align: center\"><strong>per SMS \/ Tel: <a href=\"tel:%20+436642011440\">+<\/a><a href=\"tel:%20+4368110329142\">43 \/ 681 \/ 10 32 91 42\u00a0<\/a>(Michael Dag) \/ <\/strong><span style=\"color: #ff0000\"><strong> ACHTUNG: kein WhatsApp!<\/strong><\/span><\/h4>\n<p>&nbsp;<\/p>\n<h3 style=\"text-align: center\">&lt;&gt;<\/h3>\n<h3 style=\"text-align: center\"><strong>FR\u00dcHSCHOPPENKONZERT AM FEIERTAG<br \/>\n<\/strong><\/h3>\n<h3 style=\"text-align: center\"><strong>Samstag, 15. August 2026, 11:00 Uhr bis 14:00 Uhr<br \/>\n<\/strong><\/h3>\n<h3 style=\"text-align: center\"><strong>Gasthaus Pelikan \/ Musikpavillon VOMP (Dorf 74, 6134 Vomp)<br \/>\n<\/strong><\/h3>\n<p>&nbsp;<\/p>\n<p style=\"text-align: center\"><span style=\"color: #ff0000\"><strong>Platzreservierungen direkt beim Gasthaus Pelikan<\/strong><\/span><\/p>\n<p style=\"text-align: center\"><strong> Tel: 05242 \/ 63283 \u2013 E-Mail: <a href=\"mailto:info@pelikan-gasthaus.at\">info@pelikan-gasthaus.at<\/a><\/strong><\/p>\n<p style=\"text-align: center\"><a href=\"https:\/\/www.pelikan-gasthaus.at\/\">https:\/\/www.pelikan-gasthaus.at\/<\/a><\/p>\n<h3><\/h3>\n<h3 style=\"text-align: center\"><span style=\"font-size: 24pt\">2025<\/span><\/h3>\n<h3 style=\"text-align: center\"><span style=\"color: #ff0000\"><strong>FR\u00dcHSCHOPPENKONZERT AM FEIERTAG<br \/>\n<\/strong><\/span><\/h3>\n<h3 style=\"text-align: center\"><strong><span style=\"color: #333333\">Freitag, 15. August 2025, 11:00 Uhr bis 14:00 Uhr<\/span><br \/>\n<\/strong><\/h3>\n<h3 style=\"text-align: center\"><strong>Gasthaus Pelikan \/ Musikpavillon VOMP (Dorf 74, 6134 Vomp)<br \/>\n<\/strong><\/h3>\n<p style=\"text-align: center\"><strong>Platzreservierungen direkt beim Gasthaus Pelikan<\/strong><\/p>\n<p style=\"text-align: center\"><strong> Tel: 05242 \/ 63283 &#8211; E-Mail: <a href=\"mailto:info@pelikan-gasthaus.at\">info@pelikan-gasthaus.at<\/a><\/strong><\/p>\n<p style=\"text-align: center\"><a href=\"https:\/\/www.pelikan-gasthaus.at\/\">https:\/\/www.pelikan-gasthaus.at\/<\/a><\/p>\n<h3 style=\"text-align: center\"><span style=\"font-size: 14pt\">&lt;&gt;<\/span><\/h3>\n<h3 style=\"text-align: center\"><span style=\"color: #ff0000\"><strong>Almest auf der Peeralm, Navis<\/strong><\/span><\/h3>\n<h3 style=\"text-align: center\"><strong>Samstag, 06. September 2025, 17:00 Uhr &#8211; 20:30 Uhr<\/strong><\/h3>\n<h3 style=\"text-align: center\"><strong>Peeralm (Klammerweg 174, 6145 Navis)<\/strong><\/h3>\n<p style=\"text-align: center\"><strong>im Anschluss spielen &#8220;Vollgas Tirol&#8221; f\u00fcr Sie auf, danach Ausklang mit Alm-Disco!<\/strong><\/p>\n<p style=\"text-align: center\">Platzreservierung bei Anna L\u00f6ffler unter<\/p>\n<p style=\"text-align: center\">Telefon: +43 (0)664 1637 324 (bitte nur Whatsapp-Nachricht oder SMS)<\/p>\n<p style=\"text-align: center\">oder E-Mail: <a href=\"mailto:office@peeralm.at\">office@peeralm.at<\/a><\/p>\n<p style=\"text-align: center\"><strong>Die Veranstaltung findet bei jeder Witterung statt!<\/strong><\/p>\n<h3 style=\"text-align: center\"><span style=\"font-size: 14pt\">&lt;&gt;<\/span><\/h3>\n<h3 style=\"text-align: center\"><strong><span style=\"color: #ff0000\">29. Fr\u00fchjahrskonzert der Blaskapelle KARWENKA<\/span><br \/>\n<\/strong><\/h3>\n<h3 style=\"text-align: center\"><strong>Sonntag 23. M\u00e4rz 2025,\u00a0 11:00 Uhr bis 14:00 Uhr<\/strong><\/h3>\n<h3 style=\"text-align: center\"><strong>Gemeindesaal Volders<\/strong> (Bundesstra\u00dfe 24c, 6111 Volders)<\/h3>\n<p style=\"text-align: center\">Eintritt: Freiwillige Spenden<\/p>\n<h3 style=\"text-align: center\">Zum Ausklang verbreiten anschlie\u00dfend<\/h3>\n<h3 style=\"text-align: center\">die <span style=\"color: #ff0000\">&#8220;Stammtischmusikanten&#8221;<\/span> aus Volders beste Wirtshausstimmung!<\/h3>\n<h2 style=\"text-align: center\"><span style=\"font-size: 18pt;color: #ff0000\">Sitzplatzreservierung:<\/span><\/h2>\n<p style=\"text-align: center\"><strong>Mail: karwenka@gmx.at\u00a0<\/strong><\/p>\n<p style=\"text-align: center\"><strong> SMS \/ Tel: <a href=\"tel:%20+436642011440\">+<\/a><a href=\"tel:%20+4368110329142\">43 \/ 681 \/ 10 32 91 42\u00a0<\/a>(Michael Dag) \/ <\/strong><strong> ACHTUNG: kein WhatsApp!<\/strong><\/p>\n<h3 style=\"text-align: center\"><span style=\"font-size: 14pt\">\u00a0<\/span><\/h3>\n<h3 style=\"text-align: center\"><span style=\"font-size: 24pt\">2024<\/span><\/h3>\n<h3 style=\"text-align: center\"><strong><span style=\"color: #ff0000\">C\u00c4CILIA BALL IN SERFAUS<\/span><br \/>\n<\/strong><\/h3>\n<h3 style=\"text-align: center\"><strong>Freitag 22. November 2024, ca. 21:00 Uhr bis 00:30 Uhr<\/strong><\/h3>\n<h3 style=\"text-align: center\"><strong>Kultursaal Serfaus<\/strong> (Dorfbahnstra\u00dfe 30, 6534 Serfaus)<\/h3>\n<p style=\"text-align: center\">f\u00fcr die Ch\u00f6re und Musikkapelle Serfaus; geschlossene Veranstaltung bis ca. 21:30 Uhr, danach offen f\u00fcr alle Besucher!<\/p>\n<h3 style=\"text-align: center\">&lt;&gt;<\/h3>\n<h3 style=\"text-align: center\"><strong><span style=\"color: #ff0000\">FR\u00dcHSCHOPPENKONZERT AM FEIERTAG<\/span><br \/>\n<\/strong><\/h3>\n<h3 style=\"text-align: center\"><strong>Donnerstag, 15. August 2024, 11:00 Uhr bis 14:00 Uhr<br \/>\n<\/strong><\/h3>\n<h3 style=\"text-align: center\"><strong>Gasthaus Pelikan \/ Musikpavillon VOMP (Dorf 74, 6134 Vomp)<br \/>\n<\/strong><\/h3>\n<p style=\"text-align: center\"><span style=\"font-size: 14pt\"><strong>Platzreservierungen direkt beim Gasthaus Pelikan<\/strong><\/span><\/p>\n<p style=\"text-align: center\"><span style=\"font-size: 14pt\"><strong> Tel: 05242 \/ 63283 &#8211; E-Mail: <a href=\"mailto:info@pelikan-gasthaus.at\">info@pelikan-gasthaus.at<\/a><\/strong><\/span><\/p>\n<p style=\"text-align: center\"><a href=\"https:\/\/www.pelikan-gasthaus.at\/\"><span style=\"font-size: 14pt\">https:\/\/www.pelikan-gasthaus.at\/<\/span><\/a><\/p>\n<h3 style=\"text-align: center\">&lt;&gt;<\/h3>\n<h2 style=\"text-align: center\"><strong><span style=\"color: #ff0000;font-size: 18pt\">ARZLER STADTTEILFESTc<\/span><br \/>\n<\/strong><\/h2>\n<h2 style=\"text-align: center\"><span style=\"font-size: 18pt\"><strong>Samstag, 25. Mai 2024, 15:30 Uhr &#8211; 16:45 Uhr<br \/>\n<\/strong><\/span><\/h2>\n<h2 style=\"text-align: center\"><strong><span style=\"font-size: 18pt\">Arzl bei Innsbruck, Dorfzentrum<\/span><br \/>\n<\/strong><\/h2>\n<p style=\"text-align: center\">Gestaltung: Gemeinschaft Arzler Vereine und Innsbruck Marketing<\/p>\n<p style=\"text-align: center\">Beginn 14:00 Uhr, umfangreiches Musik- und Kinderprogramm, n\u00e4here Infos:<\/p>\n<p style=\"text-align: center\"><a href=\"https:\/\/www.innsbruckmarketing.at\/stadtteilfest-arzl\">https:\/\/www.innsbruckmarketing.at\/stadtteilfest-arzl<\/a><\/p>\n<h3 style=\"text-align: center\">&lt;&gt;<\/h3>\n<h2 style=\"text-align: center\"><strong><span style=\"color: #ff0000\">FR\u00dcHSCHOPPEN AUF DER PEERALM, NAVIS<\/span><br \/>\n<\/strong><\/h2>\n<h2 style=\"text-align: center\"><strong>Sonntag, 30. Juni 2024, 11:00 Uhr &#8211; 14:00 Uhr<\/strong><\/h2>\n<h2 style=\"text-align: center\"><strong>Peeralm (Klammerweg 174, 6145 Navis)<\/strong><\/h2>\n<p style=\"text-align: center\">Platzreservierung bei Anna L\u00f6ffler unter<\/p>\n<p style=\"text-align: center\">Telefon: +43 (0)664 1637 324 (bitte nur Whatsapp-Nachricht oder SMS)<\/p>\n<p style=\"text-align: center\">oder E-Mail: <a href=\"mailto:office@peeralm.at\">office@peeralm.at<\/a><\/p>\n<p style=\"text-align: center\"><strong>Die Veranstaltung findet bei jeder Witterung statt!<\/strong><\/p>\n<h3 style=\"text-align: center\"><span style=\"font-size: 18pt\">&lt;&gt;<\/span><\/h3>\n<h3 style=\"text-align: center\"><span style=\"font-size: 18pt\"><b><span style=\"color: #ff0000\">28. Fr\u00fchjahrskonzert der Blaskapelle KARWENKA<\/span><br \/>\n<\/b><\/span><\/h3>\n<h2 style=\"text-align: center\"><span style=\"font-size: 18pt\"><b>Sonntag, 21. April 2024, 11:00 Uhr<\/b><\/span><\/h2>\n<h2 style=\"text-align: center\"><span style=\"font-size: 18pt\">Sandwirt am Inn, Innsbruck (Reichenauer Stra\u00dfe 151)<\/span><\/h2>\n<h2 style=\"text-align: center\"><span style=\"color: #ff0000;font-size: 14pt\"><span style=\"font-size: 18pt\">Sitzplatzreservierung:<\/span> <\/span><\/h2>\n<p style=\"text-align: center\"><strong><span style=\"color: #333333;font-size: 14pt\">Mail: karwenka@gmx.at &#8211;\u00a0 SMS \/ Tel: <a style=\"color: #333333\" href=\"tel:%20+436642011440\">+<\/a><a style=\"color: #333333\" href=\"tel:%20+4368110329142\">43 \/ 681 \/ 10 32 91 42\u00a0<\/a>(Michael Dag)<\/span><\/strong><\/p>\n<p style=\"text-align: center\"><strong><span style=\"color: #333333;font-size: 14pt\"> ACHTUNG: kein WhatsApp<br \/>\n<\/span><\/strong><\/p>\n<p>&nbsp;<\/p>\n<h2 style=\"text-align: center\"><span style=\"font-size: 24pt\">2023<\/span><\/h2>\n<p style=\"text-align: center\"><span style=\"font-size: 18pt;color: #ff0000\"><strong>Oktoberfest Peer Alm Navis am Nationalfeiertag<br \/>\n<\/strong><\/span><\/p>\n<p style=\"text-align: center\"><span style=\"font-size: 18pt\"><strong>Donnerstag, 26.10.2023, 11:30 Uhr &#8211; 14:30 Uhr<\/strong><\/span><\/p>\n<p style=\"text-align: center\"><span style=\"font-size: 18pt\"><strong>Adresse Peeralm: Klammerweg 174, 6145 Navis<\/strong><\/span><\/p>\n<p style=\"text-align: center\"><span style=\"font-size: 18pt\">Platzreservierung bei Anna L\u00f6ffler unter<\/span><\/p>\n<p style=\"text-align: center\"><span style=\"font-size: 18pt\">Telefon: +43 (0)664 1637 324 <span style=\"color: #ff0000\">(bitte nur Whatsapp-Nachricht oder SMS)<\/span> oder E-Mail: <a href=\"mailto:office@peeralm.at\">office@peeralm.at<\/a><\/span><\/p>\n<p style=\"text-align: center\"><span style=\"font-size: 18pt\"><strong>Die Veranstaltung findet bei jeder Witterung statt (bei Schlechtwetter in der H\u00fctte)!<\/strong><\/span><\/p>\n<p style=\"text-align: center\"><span style=\"font-size: 18pt\">&lt;&gt;<\/span><\/p>\n<h3 style=\"text-align: center\"><span style=\"color: #ff0000;font-size: 18pt\">Troppi&#8217;s D\u00e4mmer-Benefiz, Konzert in Fritzens<br \/>\n<\/span><\/h3>\n<p style=\"text-align: center\"><span style=\"font-size: 18pt\"><strong>Freitag, 13. Oktober 2023, ab 18:00 Uhr<\/strong><\/span><\/p>\n<p style=\"text-align: center\"><span style=\"font-size: 18pt\"><strong>Firmengel\u00e4nde Felix Troppmair (Innstra\u00dfe 6, 6122 Fritzens) <\/strong><\/span><\/p>\n<p style=\"text-align: center\"><span style=\"font-size: 18pt\"><strong>N\u00e4here Infos: <a href=\"https:\/\/www.facebook.com\/profile.php?id=100009181452997\">Andrea Troppmair auf Facebook<\/a><\/strong><\/span><\/p>\n<p style=\"text-align: center\"><span style=\"font-size: 18pt\">&lt;&gt;<\/span><\/p>\n<h3 style=\"text-align: center\"><span style=\"color: #ff0000;font-size: 18pt\">Koatlackler Herbstfest <\/span><\/h3>\n<p style=\"text-align: center\"><span style=\"font-size: 18pt\"><strong>Sonntag, 10. September 2023, 11:00 Uhr &#8211; 14:00 Uhr<\/strong><\/span><\/p>\n<p style=\"text-align: center\"><span style=\"font-size: 18pt\"><strong>Hans-Brenner-Platz \/ Gasthaus Sandwirt (Innstra\u00dfe 75, 6020 Innsbruck) <\/strong><\/span><\/p>\n<p style=\"text-align: center\"><span style=\"font-size: 18pt\"><strong>N\u00e4here Infos: <a href=\"https:\/\/www.facebook.com\/pg\/Sandwirt-KoatlackenStNikolaus-909071022518056\/about\/?ref=page_internal\">Sandwirt auf Facebook<\/a><\/strong><\/span><\/p>\n<p style=\"text-align: center\"><span style=\"font-size: 18pt\">&lt;&gt;<\/span><\/p>\n<h3 style=\"text-align: center\"><span style=\"font-size: 18pt\"><strong><span style=\"color: #ff0000\">FR\u00dcHSCHOPPENKONZERT AM FEIERTAG<\/span><br \/>\n<\/strong><\/span><\/h3>\n<p style=\"text-align: center\"><span style=\"font-size: 18pt\"><strong>Dienstag, 15. August 2023, 11:30 Uhr<\/strong><\/span><\/p>\n<p style=\"text-align: center\"><span style=\"font-size: 18pt\"><strong>Gasthaus Pelikan \/ Musikpavillon VOMP<\/strong><\/span><\/p>\n<p style=\"text-align: center\"><span style=\"font-size: 18pt\"><strong>Platzreservierungen direkt beim Gasthaus Pelikan<\/strong><\/span><\/p>\n<p style=\"text-align: center\"><span style=\"font-size: 18pt\"><strong> Tel: 05242 \/ 63283 &#8211; E-Mail: <a href=\"mailto:info@pelikan-gasthaus.at\">info@pelikan-gasthaus.at<\/a><\/strong><\/span><\/p>\n<h3 style=\"text-align: center\"><span style=\"font-size: 18pt\"><a href=\"https:\/\/www.pelikan-gasthaus.at\/\">https:\/\/www.pelikan-gasthaus.at\/<\/a><\/span><\/h3>\n<p style=\"text-align: center\"><span style=\"font-size: 18pt\">&lt;&gt;<\/span><\/p>\n<h2 class=\"mb-3 font-weight-700 display-4\" style=\"text-align: center\"><span style=\"color: #ff0000;font-size: 18pt\">Outreach Music Festival &amp; Academy 2023, Schwaz<\/span><\/h2>\n<p style=\"text-align: center\"><span style=\"font-size: 18pt\"><b>Donnerstag, 27.07.2023, ab 19:00 Uhr<\/b><\/span><\/p>\n<p style=\"text-align: center\"><span style=\"font-size: 18pt\"><strong>Grafenpark \/ Sparkassenplatz, Schwaz<\/strong><\/span><\/p>\n<p style=\"text-align: center\"><span style=\"font-size: 18pt\"><strong>Grafenpark: Kurzkonzert b\u00f6hmisch-m\u00e4hrisch \/ Urauff\u00fchrung &#8220;Suite Inn&#8221; von Gene Pritsker (gemeinsam mit Jazz Solisten) inklusive Marsch zum Sparkassenplatz<\/strong><\/span><\/p>\n<p style=\"text-align: center\"><span style=\"font-size: 18pt\"><strong><a href=\"https:\/\/www.outreachmusic.org\/\">Homepage Outreach<\/a> \/ <a href=\"https:\/\/www.facebook.com\/gene.pritsker\">Gene Pritsker on Facebook<\/a><\/strong><\/span><\/p>\n<p style=\"text-align: center\"><span style=\"font-size: 18pt\">&lt;&gt;<\/span><\/p>\n<h3 style=\"text-align: center\"><span style=\"font-size: 18pt\"><b><span style=\"color: #ff0000\">BLECHLAWINE 3.0 \u2013 Blasmusik Festival<\/span><br \/>\n<\/b><\/span><\/h3>\n<p style=\"text-align: center\"><span style=\"font-size: 18pt\"><b>Sonntag, 11. Juni 2023, 11:30 Uhr \u2013 12:30 Uhr<\/b><\/span><\/p>\n<p style=\"text-align: center\"><span style=\"font-size: 18pt\"><strong>Waldfestplatz Mayrhofen, Zillertal<\/strong><\/span><\/p>\n<p style=\"text-align: center\"><span style=\"font-size: 18pt\"><strong>Programm, Tickets, Infos: <a href=\"https:\/\/www.blechlawine.at\/\">https:\/\/www.blechlawine.at\/<\/a><\/strong><\/span><\/p>\n<h3 style=\"text-align: center\"><span style=\"font-size: 18pt\">&lt;&gt;<\/span><\/h3>\n<h3 style=\"text-align: center\"><span style=\"color: #ff0000;font-size: 18pt\"><b>27. Fr\u00fchjahrskonzert der Blaskapelle KARWENKA<br \/>\n<\/b><\/span><\/h3>\n<h2 style=\"text-align: center\"><span style=\"font-size: 18pt\"><b>Sonntag, 23. April 2023, 11:00 Uhr<\/b><\/span><\/h2>\n<h2 style=\"text-align: center\"><span style=\"font-size: 18pt\">Sandwirt am Inn, Innsbruck (Reichenauer Stra\u00dfe 151)<\/span><\/h2>\n<h2 style=\"text-align: center\"><span style=\"font-size: 18pt\"><strong>Sitzplatzreservierungen bitte direkt beim Sandwirt, Jonna Gundolf:<\/strong><\/span><\/h2>\n<h2 style=\"text-align: center\"><span style=\"font-size: 18pt\"><strong>E-Mail: <\/strong><a href=\"mailto:info@sandwirt.com\"><strong>info@sandwirt.com<\/strong><\/a><\/span><\/h2>\n<h2 style=\"text-align: center\"><span style=\"font-size: 18pt\"><strong>Festnetz: <\/strong><a href=\"tel:%20+43345459875\"><strong>+43 512 336000<\/strong><\/a><strong> \/ Mobil: <\/strong><a href=\"tel:%20+436642011440\"><strong>+<\/strong><\/a><a href=\"tel:%20+436642011440\"><strong>43 664\/2011440<\/strong><\/a><strong>\u00a0 <\/strong><\/span><\/h2>\n<p style=\"text-align: center\"><span style=\"font-size: 18pt\"><img loading=\"lazy\" decoding=\"async\" class=\"wp-image-1004 aligncenter\" src=\"http:\/\/www.karwenka.at\/wp-content\/uploads\/2023\/02\/Herzlichen-Dank-an-unsere-Sponsoren-A5-300x224.jpg\" alt=\"\" width=\"369\" height=\"276\" srcset=\"http:\/\/www.karwenka.at\/wp-content\/uploads\/2023\/02\/Herzlichen-Dank-an-unsere-Sponsoren-A5-300x224.jpg 300w, http:\/\/www.karwenka.at\/wp-content\/uploads\/2023\/02\/Herzlichen-Dank-an-unsere-Sponsoren-A5-1024x765.jpg 1024w, http:\/\/www.karwenka.at\/wp-content\/uploads\/2023\/02\/Herzlichen-Dank-an-unsere-Sponsoren-A5-768x573.jpg 768w, http:\/\/www.karwenka.at\/wp-content\/uploads\/2023\/02\/Herzlichen-Dank-an-unsere-Sponsoren-A5-1536x1147.jpg 1536w, http:\/\/www.karwenka.at\/wp-content\/uploads\/2023\/02\/Herzlichen-Dank-an-unsere-Sponsoren-A5-847x632.jpg 847w, http:\/\/www.karwenka.at\/wp-content\/uploads\/2023\/02\/Herzlichen-Dank-an-unsere-Sponsoren-A5.jpg 2048w\" sizes=\"(max-width: 369px) 100vw, 369px\" \/><\/span><\/p>\n<h3 style=\"text-align: center\"><span style=\"font-size: 18pt\">&lt;&gt;<\/span><\/h3>\n<p>&nbsp;<\/p>\n<h2 style=\"text-align: center\">2022<\/h2>\n<h3 style=\"text-align: center\"><span style=\"color: #ff0000\"><strong>C\u00c4CILIENFEIER DER BLASKAPELLE KARWENKA<\/strong><\/span><\/h3>\n<h3 style=\"text-align: center\">Samstag 22. Oktober in Gries und Sellrain<\/h3>\n<h3 style=\"text-align: center\">19:00 Uhr Messe in der Pfarrkirche Sellrain, anschlie\u00dfend<\/h3>\n<h3 style=\"text-align: center\">(ca. 20:00 Uhr) Konzert im Gemeindesaal Gries im Sellrain<\/h3>\n<h3 style=\"text-align: center\"><span style=\"font-size: 18pt\"><strong><span style=\"color: #ff0000\">Sitzplatzreservierung<\/span> bei Obmann Dietmar Entner:\u00a0<\/strong><\/span><\/h3>\n<h3 style=\"text-align: center\"><span style=\"font-size: 18pt\"><strong> E-Mail: didi.entner@aon.at\u00a0\u00a0 &#8211;\u00a0\u00a0 Tel. 0650 \/ 33 33 225<\/strong><\/span><\/h3>\n<p style=\"text-align: center\"><a href=\"http:\/\/www.karwenka.at\/wp-content\/uploads\/2022\/10\/Flyer-Gries-A5-x.pdf\">Flyer Gries A5 x<\/a><\/p>\n<h2 style=\"text-align: center\">&lt;&gt;<\/h2>\n<h3 style=\"text-align: center\"><span style=\"color: #ff0000\"><strong>JUBIL\u00c4UM 30 JAHRE BLASKAPELLE KARWENKA<br \/>\n<\/strong><\/span><\/h3>\n<h3 style=\"text-align: center\">Sonntag, 18. September, Beginn: 11:00 Uhr<\/h3>\n<h3 style=\"text-align: center\">\u00a0Gemeindesaal Ampass<\/h3>\n<h3 style=\"text-align: center\"><span style=\"font-size: 14pt\">Eintritt: Freiwillige Spenden <\/span><\/h3>\n<h3 style=\"text-align: center\"><span style=\"font-size: 14pt\">Sitzplatzreservierung per E-Mail an karwenka@gmx.at<\/span><\/h3>\n<h2 style=\"text-align: center\"><span style=\"font-size: 12pt\">&lt;&gt;<\/span><\/h2>\n<h3 style=\"text-align: center\"><strong><span style=\"color: #ff0000\">FR\u00dcHSCHOPPENKONZERT AM FEIERTAG<\/span><br \/>\n<\/strong><\/h3>\n<h3 style=\"text-align: center\"><strong>Montag, 15. August 2022, 11:30 Uhr<\/strong><\/h3>\n<h3 style=\"text-align: center\"><strong>Gasthaus Pelikan \/ Musikpavillon VOMP<\/strong><\/h3>\n<p style=\"text-align: center\"><a href=\"https:\/\/www.pelikan-gasthaus.at\/\">https:\/\/www.pelikan-gasthaus.at\/<\/a><\/p>\n<h2 style=\"text-align: center\"><span style=\"font-size: 12pt\">&lt;&gt;<\/span><\/h2>\n<h3 style=\"text-align: center\"><span style=\"color: #ff0000\"><strong>JUBIL\u00c4UMSFEST 150 JAHRE MUSIKKAPELLE ST. JOHANN \/ TIROL<\/strong><\/span><\/h3>\n<h3 style=\"text-align: center\">Sonntag 14. August, 20:00 \u2013 23:00 Uhr<\/h3>\n<h3 style=\"text-align: center\">Hauptplatz, St. Johann \/ Tirol<\/h3>\n<p style=\"text-align: center\"><a href=\"http:\/\/www.musig.at\/\">http:\/\/www.musig.at\/<\/a><\/p>\n<h2 style=\"text-align: center\"><span style=\"font-size: 12pt\">&lt;&gt;<\/span><\/h2>\n<h3 style=\"text-align: center\"><span style=\"color: #ff0000\"><strong>KONZERT\u00a0 <\/strong><\/span><strong><span style=\"color: #ff0000\">BEZIRKSMUSIKFEST in NAVIS<\/span><br \/>\n<\/strong><\/h3>\n<h3 style=\"text-align: center\"><strong>Freitag, 01. Juli 2022, 22:00 Uhr<\/strong><\/h3>\n<p style=\"text-align: center\"><strong><a href=\"https:\/\/www.musikkapelle-navis.at\/\">https:\/\/www.musikkapelle-navis.at\/<\/a><br \/>\n<\/strong><\/p>\n<h2><\/h2>\n<h2 style=\"text-align: center\">2021<\/h2>\n<h3 style=\"text-align: center\"><strong><span style=\"color: #ff0000\">D\u00c4MMERSCHOPPEN <\/span><\/strong><\/h3>\n<h3 style=\"text-align: center\"><strong><span style=\"color: #ff0000\">ER\u00d6FFNUNG WANDERWOCHE SILBERREGION KARWENDL<\/span><br \/>\n<\/strong><\/h3>\n<h3 style=\"text-align: center\"><strong>Sonntag, 19. Septmeber 2021, 17:00 Uhr &#8211; 20:00 Uhr<\/strong><\/h3>\n<h3 style=\"text-align: center\"><span style=\"color: #ff0000\"><strong>Gasthaus Pelikan \/ Musikpavillon VOMP<\/strong><\/span><\/h3>\n<h3 style=\"text-align: center\"><strong><span style=\"font-size: 18pt\">Moderation: Hari Pr\u00fcnster<\/span><\/strong><\/h3>\n<p style=\"text-align: center\"><a href=\"https:\/\/silberregion-karwendel.com\/de\/wander-wm\">https:\/\/silberregion-karwendel.com\/de\/wander-wm<\/a><\/p>\n<p style=\"text-align: center\"><span style=\"color: #333333;font-size: 14pt\"><strong>Sitzplatz &#8211; Reservierungen beim GH Pelikan: Tel. +43 (0) <\/strong><a style=\"color: #333333\" href=\"https:\/\/www.google.com\/search?client=firefox-b-d&amp;q=GH+Pelikan%2C+Vomp\"><strong>52 42 \/ 63 2 83<\/strong><\/a><\/span><\/p>\n<p>&nbsp;<\/p>\n<h2 style=\"text-align: center\"><span style=\"font-size: 12pt\">&lt;&gt;<\/span><\/h2>\n<h3 style=\"text-align: center\"><strong><span style=\"color: #ff0000\">SOMMERKONZERT ST. JOHANN\/TIROL<\/span><br \/>\n<\/strong><\/h3>\n<h3 style=\"text-align: center\"><strong>Freitag, 03. Septmber 2021, 20:00 &#8211; 22:00 Uhr<\/strong><\/h3>\n<h3 style=\"text-align: center\"><span style=\"color: #ff0000\"><strong>St. Johann in Tirol \/ Hauptplatz<\/strong><\/span><\/h3>\n<h2 style=\"text-align: center\"><span style=\"font-size: 12pt\">&lt;&gt;<\/span><\/h2>\n<h3 style=\"text-align: center\"><strong><span style=\"color: #ff0000\">FR\u00dcHSCHOPPENKONZERT AM FEIERTAG<\/span><br \/>\n<\/strong><\/h3>\n<h3 style=\"text-align: center\"><strong>Sonntag, 15. August 2021, 11:30 Uhr<\/strong><\/h3>\n<h3 style=\"text-align: center\"><span style=\"color: #ff0000\"><strong>Gasthaus Pelikan \/ Musikpavillon VOMP<\/strong><\/span><\/h3>\n<p style=\"text-align: center\"><a href=\"https:\/\/www.pelikan-gasthaus.at\/\">https:\/\/www.pelikan-gasthaus.at\/<\/a><\/p>\n<h2 style=\"text-align: center\"><span style=\"font-size: 12pt\">&lt;&gt;<\/span><\/h2>\n<h3 style=\"text-align: center\"><strong><span style=\"color: #ff0000\">FR\u00dcHSCHOPPENKONZERT HALSMARTER<\/span><br \/>\n<\/strong><\/h3>\n<h3 style=\"text-align: center\">Sonntag 01.08.2021, 11:30 &#8211; 14:30 Uhr<\/h3>\n<h3 style=\"text-align: center\"><span style=\"color: #ff0000\"><strong>Alpengasthof Halsmarter Tulfes, <\/strong><\/span><span style=\"color: #ff0000\">Mittelstation Glungezerbahn <\/span><\/h3>\n<h3 style=\"text-align: center\"><span style=\"color: #ff0000\">!!! Bei jeder Witterung !!!<br \/>\n<\/span><\/h3>\n<div>\n<p style=\"text-align: center\"><a href=\"https:\/\/deref-gmx.net\/mail\/client\/vqAfhazEzIg\/dereferrer\/?redirectUrl=https%3A%2F%2Fwww.halsmarter.at%2F\" target=\"_blank\" rel=\"noopener\">https:\/\/www.halsmarter.at\/<\/a><\/p>\n<\/div>\n<h2 style=\"text-align: center\"><span style=\"font-size: 12pt\">&lt;&gt;<\/span><\/h2>\n<h2 style=\"text-align: center\">2020<\/h2>\n<h3 style=\"text-align: center\"><span style=\"font-size: 18pt;color: #ff0000\"><b>+++ UPDATE 10.03.2020 +++<\/b><\/span><\/h3>\n<h3 style=\"text-align: center\"><span style=\"font-size: 18pt\"><span style=\"color: #ff0000\"><b>+++ <\/b><\/span><b><span style=\"color: #ff0000\">VERANSTALTUNG ABGESAGT +++<\/span><br \/>\n<\/b><\/span><\/h3>\n<h3 style=\"text-align: center\"><strong><span style=\"color: #ff0000;font-size: 18pt\">FR\u00dcHSCHOPPENKONZERT BEIM SANDWIRT IN ST. NIKOLAUS<\/span><br \/>\n<\/strong><\/h3>\n<h3 style=\"text-align: center\"><strong>Sonntag, 13. September 2020, 11:30 Uhr &#8211; 15:00 Uhr<br \/>\n<\/strong><\/h3>\n<h3 style=\"text-align: center\"><strong>Hans-Brenner-Platz \/ Gasthaus Sandwirt (Innstra\u00dfe 75, 6020 Innsbruck): <a href=\"https:\/\/de-de.facebook.com\/pages\/category\/Pub\/Sandwirt-KoatlackenStNikolaus-909071022518056\/\">https:\/\/de-de.facebook.com\/pages\/category\/Pub\/Sandwirt-KoatlackenStNikolaus-909071022518056\/<\/a><br \/>\n<\/strong><\/h3>\n<div style=\"text-align: center\"><span style=\"color: #ff0000\"><strong>Sitzplatzreservierung erbeten &#8211; bitte direkt beim Sandwirt: Tel. 0664\/2830105<\/strong><\/span><\/div>\n<h2 style=\"text-align: center\"><span style=\"font-size: 12pt\">&lt;&gt;<\/span><\/h2>\n<h3 style=\"text-align: center\"><span style=\"color: #ff0000\"><strong>FR\u00dcHSCHOPPENKONZERT AM FEIERTAG<br \/>\n<\/strong><\/span><\/h3>\n<h3 style=\"text-align: center\"><strong>Samstag, 15. August 2020, 11:30 Uhr<\/strong><\/h3>\n<h3 style=\"text-align: center\"><span style=\"color: #ff0000\"><strong>Gasthaus Pelikan \/ Musikpavillon VOMP<\/strong><\/span><\/h3>\n<p>&nbsp;<\/p>\n<h2 style=\"text-align: center\"><span style=\"font-size: 12pt\">&lt;&gt;<\/span><\/h2>\n<h3 style=\"text-align: center\"><span style=\"color: #ff0000\"><b>+++ UPDATE 10.03.2020 +++<\/b><\/span><\/h3>\n<h3 style=\"text-align: center\"><span style=\"color: #ff0000\"><b>KONZERT 14.03.2020 VERSCHOBEN<br \/>\n<\/b><\/span><\/h3>\n<div>\n<div>\n<div id=\"js_254\" class=\"_5pbx userContent _3576\">\n<div style=\"text-align: center\">Aufgrund der gestern bekanntgegebenen Ma\u00dfnahmen der Bundesregierung im Zusammenhang mit dem Coronavirus musste das f\u00fcr Samstag 14. M\u00e4rz 2020 in Ampass geplante Konzert abgesagt werden. Wir werden versuchen, sobald es m\u00f6glich ist, einen Ersatztermin zu finden und informieren auf Facebook und Homepage. Wir entschuldigen uns bei all unseren Fans und Freunden, die bereits Pl\u00e4tze reserviert haben f\u00fcr die Unannehmlichkeiten und hoffen, unser Konzert bald nachholen zu k\u00f6nnen &#8211; aufgeschoben ist nicht aufgehoben! <span class=\"_5mfr\"><span class=\"_6qdm\">&#x1f609;<\/span><\/span><\/div>\n<\/div>\n<\/div>\n<\/div>\n<p>&nbsp;<\/p>\n<h3 style=\"text-align: center\"><span style=\"color: #ff0000\"><b>27. Fr\u00fchjahrskonzert der Blaskapelle KARWENKA<\/b><\/span><\/h3>\n<h3 style=\"text-align: center\"><b>Samstag, 14. M\u00e4rz 2020, 19:00 Uhr \/ Einlass und K\u00fcche ab 18:00 Uhr<\/b><\/h3>\n<h3 style=\"text-align: center\"><span style=\"color: #ff0000\">Gemeindesaal AMPASS<\/span><\/h3>\n<h2 style=\"text-align: center\"><span style=\"font-size: 12pt\">&lt;&gt;<\/span><\/h2>\n<h2 style=\"text-align: center\">2019<\/h2>\n<h3 style=\"text-align: center\"><span style=\"color: #ff0000\"><b>TIROL-B\u00d6HMISCHER FR\u00dcHSCHOPPEN IN VOMP<\/b><\/span><\/h3>\n<h3 style=\"text-align: center\"><span style=\"color: #ff0000\"><b><span style=\"color: #000000\"> GEMEINSAM MIT DEN &#8220;FIDELEN KARWENDLERN&#8221;<\/span><br \/>\n<\/b><\/span><\/h3>\n<h3 style=\"text-align: center\"><span style=\"color: #ff0000\"><b>Donnerstag, 15. August 2019, 11:00 Uhr &#8211; 15:00 Uhr<\/b><\/span><\/h3>\n<h3 style=\"text-align: center\">Gasthaus Pelikan \/ Musikpavillon Ortszentrum<\/h3>\n<p style=\"text-align: center\">&lt;&gt;<\/p>\n<h3 style=\"text-align: center\"><span style=\"color: #ff0000\"><b>MATREIER FREINACHT<\/b><\/span><\/h3>\n<h3 style=\"text-align: center\"><span style=\"color: #ff0000\"><b>Samstag, 27. Juli 2019, 19:15 Uhr &#8211; 21:30 Uhr<\/b><\/span><\/h3>\n<h3 style=\"text-align: center\">Musikpavillon Ortszentrum Matrei am Brenner<\/h3>\n<p style=\"text-align: center\">&lt;&gt;<\/p>\n<h3 style=\"text-align: center\"><span style=\"color: #ff0000\"><b>BLECHLAWINE &#8211; 1. Open Air der Blasmusik<\/b><\/span><\/h3>\n<h3 style=\"text-align: center\"><span style=\"color: #ff0000\"><b>Sonntag, 02. Juni 2019, 12:30 Uhr &#8211; 14:00 Uhr<\/b><\/span><\/h3>\n<h3 style=\"text-align: center\">Waldfestplatz Mayrhofen, Zillertal<\/h3>\n<h3 style=\"text-align: center\"><a href=\"https:\/\/www.blechlawine.at\/2019\/\" target=\"_blank\" rel=\"noopener noreferrer\">zur Homepage Blechlawine<\/a><\/h3>\n<p style=\"text-align: center\">&lt;&gt;<\/p>\n<h3 style=\"text-align: center\"><span style=\"color: #ff0000\"><b>26. Fr\u00fchjahrskonzert der Blaskapelle KARWENKA<\/b><\/span><\/h3>\n<h3 style=\"text-align: center\"><b><span style=\"color: #ff0000\">Sonntag, 17. M\u00e4rz 2019 &#8211; Beginn 11:00 Uhr, Saaleinlass 10:00 Uhr<\/span><br \/>\n<\/b><\/h3>\n<h3 style=\"text-align: center\">Mehrzwecksaal im Vereinsheim Arzl, Schusterbergweg 15, 6020 Innsbruck<\/h3>\n<h3 style=\"text-align: center\"><a href=\"http:\/\/www.karwenka.at\/wp-content\/uploads\/2019\/02\/Einladung-Karwenka-Konzert-2019.pdf\">Einladung Karwenka Konzert 2019<\/a><\/h3>\n<h2 style=\"text-align: center\">2018<\/h2>\n<h3 style=\"text-align: center\"><span style=\"color: #ff0000\"><b>ORF Tirol Fr\u00fchschoppen auf der Innsbrucker Herbstmesse<\/b><\/span><\/h3>\n<h3 style=\"text-align: center\"><span style=\"color: #ff0000\"><b>Freitag, 12. Oktober 2018, 11:00 Uhr &#8211; 13:00 Uhr<\/b><\/span><\/h3>\n<h3 style=\"text-align: center\">Messe, Innsbruck<\/h3>\n<p style=\"text-align: center\">&lt;&gt;<\/p>\n<h3 style=\"text-align: center\"><span style=\"color: #ff0000\"><b>Waldfest der Musikkapelle Obernberg<\/b><\/span><\/h3>\n<h3 style=\"text-align: center\"><span style=\"color: #ff0000\"><b>Mittwoch, 15. August 2018, 15:00 Uhr &#8211; 18:00 Uhr<\/b><\/span><\/h3>\n<h3 style=\"text-align: center\">Festplatz, Obernberg am Brenner<\/h3>\n<p style=\"text-align: center\">&lt;&gt;<\/p>\n<h3 style=\"text-align: center\"><span style=\"color: #ff0000\"><b>Fr\u00fchschoppen beim Sandwirt in der Koatlackn<\/b><\/span><\/h3>\n<h3 style=\"text-align: center\"><span style=\"color: #ff0000\"><b>Sonntag, 03. Juni 2018, 11:00 Uhr &#8211; 14:00 Uhr<\/b><\/span><\/h3>\n<h3 style=\"text-align: center\">Gasthaus Sandwirt, St. Nikolaus \/ Innsbruck<\/h3>\n<h3 style=\"text-align: center\">N\u00e4here Infos: <a href=\"https:\/\/www.facebook.com\/pg\/Sandwirt-KoatlackenStNikolaus-909071022518056\/about\/?ref=page_internal\">Sandwirt auf Facebook<\/a><\/h3>\n<p style=\"text-align: center\">&lt;&gt;<\/p>\n<h3 style=\"text-align: center\"><span style=\"color: #ff0000\"><b>Jubil\u00e4umskonzert 25 Jahre Blaskapelle KARWENKA = 25. Fr\u00fchjahrskonzert<\/b><\/span><\/h3>\n<h3 style=\"text-align: center\"><span style=\"color: #ff0000\"><b>Sonntag, 18.03.2018, 11:00 Uhr<\/b><\/span><\/h3>\n<h4 style=\"text-align: center\"><strong>ab 14:00 Uhr: Wattentaler Musikanten<\/strong><\/h4>\n<h4 style=\"text-align: center\">Mehrzwecksaal Vomp<br \/>\nEintritt: Freiwillige Spenden<\/h4>\n<h4 style=\"text-align: center\"><strong>Platzreservierungen per E-Mail an karwenka@gmx.at<\/strong><\/h4>\n<h3 style=\"text-align: center\"><strong>Weitere Informationen: <a href=\"http:\/\/www.karwenka.at\/wp-content\/uploads\/2017\/11\/Einladung-Jubil\u00e4umskonzert.pdf\">Einladung Jubil\u00e4umskonzert<\/a><\/strong><\/h3>\n<h3 style=\"text-align: center\"><\/h3>\n<h2 style=\"text-align: center\">2017<\/h2>\n<h3 style=\"text-align: center\"><span style=\"color: #ff0000\"><b>Oktoberfest Elektro Schuler<\/b><\/span><\/h3>\n<h3 style=\"text-align: center\"><span style=\"color: #ff0000\"><b>Samstag, 07. Oktober 2017, 10:00 Uhr &#8211; 13:00 Uhr<\/b><\/span><\/h3>\n<h3 style=\"text-align: center\">Elektro Schuler, Gie\u00dfenweg 1, 6176 V\u00f6ls<\/h3>\n<p style=\"text-align: center\">&lt;&gt;<\/p>\n<h3 style=\"text-align: center\"><span style=\"color: #ff0000\"><b>Tiroler Bauerntage \/ agro gebraucht <\/b><\/span><\/h3>\n<h3 style=\"text-align: center\"><span style=\"color: #ff0000\"><b>Fr\u00fchschoppen Oktoberfest<br \/>\n<\/b><\/span><\/h3>\n<h3 style=\"text-align: center\"><span style=\"color: #ff0000\"><b>Sonntag, 01. Oktober 2017, 11:00 Uhr &#8211; 14:00 Uhr<\/b><\/span><\/h3>\n<h3 style=\"text-align: center\">Olympiaworld, Innsbruck (zwischen Olympiahalle und Tivolistadion) &#8211; Eintritt frei!<\/h3>\n<h3 style=\"text-align: center\">Weitere Infos: <a href=\"http:\/\/www.agrogebraucht.at\/index.php?id=498\">http:\/\/www.agrogebraucht.at\/index.php?id=498<\/a><\/h3>\n<p style=\"text-align: center\">&lt;&gt;<\/p>\n<h3 style=\"text-align: center\"><span style=\"color: #ff0000\"><b>Herbstfest beim Sandwirt in der Koatlackn<\/b><\/span><\/h3>\n<h3 style=\"text-align: center\"><span style=\"color: #ff0000\"><b>Sonntag, 03. September 2017, 11:00 Uhr &#8211; 14:00 Uhr<\/b><\/span><\/h3>\n<h3 style=\"text-align: center\">Gasthaus Sandwirt, St. Nikolaus \/ Innsbruck<\/h3>\n<h3 style=\"text-align: center\">N\u00e4here Infos: <a href=\"https:\/\/www.facebook.com\/pg\/Sandwirt-KoatlackenStNikolaus-909071022518056\/about\/?ref=page_internal\">Sandwirt auf Facebook<\/a><\/h3>\n<p style=\"text-align: center\">&lt;&gt;<\/p>\n<h3 style=\"text-align: center\"><span style=\"color: #ff0000\"><b>Axamer Lizum<\/b><\/span><\/h3>\n<h3 style=\"text-align: center\"><span style=\"color: #ff0000\"><b>TT-Wandercup<\/b><\/span><\/h3>\n<h3 style=\"text-align: center\"><span style=\"color: #ff0000\"><b>Sonntag, 13. August 2017, Uhrzeit ca. 13:00 Uhr &#8211; 16:00 Uhr<br \/>\n<\/b><\/span><\/h3>\n<h3 style=\"text-align: center\">Weitere Infos: <a href=\"http:\/\/www.alpevents.com\/projekte\/tt-wandercup-2017\/axamer-lizum-sonntag-13-august-2017\/\">TT-Wandercup auf Alpevents<\/a><\/h3>\n<p style=\"text-align: center\">&lt;&gt;<\/p>\n<h3 style=\"text-align: center\"><span style=\"color: #ff0000\"><b>Arzl \/ Innsbruck<\/b><\/span><\/h3>\n<h3 style=\"text-align: center\"><span style=\"color: #ff0000\"><b>56. Bataillonsfest des Sch\u00fctzenbataillons Innsbruck<\/b><\/span><\/h3>\n<h3 style=\"text-align: center\"><span style=\"color: #ff0000\"><b>Samstag, 10. Juni 2017, Beginn 20:00 Uhr<\/b><\/span><\/h3>\n<h3 style=\"text-align: center\">Vereinsheim Arzl \/ Innsbruck<\/h3>\n<p style=\"text-align: center\">&lt;&gt;<\/p>\n<h3 style=\"text-align: center\"><span style=\"color: #ff0000\"><b>24. Fr\u00fchjahrskonzert mit CD-Pr\u00e4sentation<br \/>\nder Blaskapelle KARWENKA<\/b><\/span><\/h3>\n<h3 style=\"text-align: center\"><span style=\"color: #ff0000\"><b>Sonntag, 19. M\u00e4rz 2017, Beginn 11:00 Uhr<br \/>\n<\/b><\/span><\/h3>\n<h4 style=\"text-align: center\">Mehrzwecksaal Vomp<br \/>\nEintritt: Freiwillige Spenden<\/h4>\n<h4 style=\"text-align: center\">Platzreservierungen per E-Mail an karwenka@gmx.at<\/h4>\n<h2 style=\"text-align: center\"><\/h2>\n","protected":false},"excerpt":{"rendered":"<p>2026 JUBIL\u00c4UM &#8211;\u00a030. Fr\u00fchjahrskonzert der Blaskapelle KARWENKA Sonntag 22. M\u00e4rz 2026,\u00a0 11:00 Uhr bis 14:00 Uhr Mehrzwecksaal Vereinsheim Arzl (Schusterbergweg 15, 6020 Innsbruck) Eintritt: Freiwillige Spenden F\u00fcr die kulinarische Betreuung unserer G\u00e4ste sorgen die MusikantInnen der Stadtmusikkapelle Innsbruck-Arzl! Sitzplatzreservierung per E-Mail: karwenka@gmx.at\u00a0\u00a0 per SMS \/ Tel: +43 \/ 681 \/ 10 32 91 42\u00a0(Michael Dag) &hellip; <\/p>\n<p><a class=\"more-link btn\" href=\"http:\/\/www.karwenka.at\/?page_id=2\">Weiterlesen<\/a><\/p>\n","protected":false},"author":2,"featured_media":926,"parent":0,"menu_order":0,"comment_status":"closed","ping_status":"closed","template":"","meta":{"footnotes":""},"_links":{"self":[{"href":"http:\/\/www.karwenka.at\/index.php?rest_route=\/wp\/v2\/pages\/2"}],"collection":[{"href":"http:\/\/www.karwenka.at\/index.php?rest_route=\/wp\/v2\/pages"}],"about":[{"href":"http:\/\/www.karwenka.at\/index.php?rest_route=\/wp\/v2\/types\/page"}],"author":[{"embeddable":true,"href":"http:\/\/www.karwenka.at\/index.php?rest_route=\/wp\/v2\/users\/2"}],"replies":[{"embeddable":true,"href":"http:\/\/www.karwenka.at\/index.php?rest_route=%2Fwp%2Fv2%2Fcomments&post=2"}],"version-history":[{"count":149,"href":"http:\/\/www.karwenka.at\/index.php?rest_route=\/wp\/v2\/pages\/2\/revisions"}],"predecessor-version":[{"id":1290,"href":"http:\/\/www.karwenka.at\/index.php?rest_route=\/wp\/v2\/pages\/2\/revisions\/1290"}],"wp:featuredmedia":[{"embeddable":true,"href":"http:\/\/www.karwenka.at\/index.php?rest_route=\/wp\/v2\/media\/926"}],"wp:attachment":[{"href":"http:\/\/www.karwenka.at\/index.php?rest_route=%2Fwp%2Fv2%2Fmedia&parent=2"}],"curies":[{"name":"wp","href":"https:\/\/api.w.org\/{rel}","templated":true}]}}