{"id":24,"date":"2013-01-25T20:33:30","date_gmt":"2013-01-25T18:33:30","guid":{"rendered":"http:\/\/www.karwenka.at\/?page_id=24"},"modified":"2023-02-02T15:04:32","modified_gmt":"2023-02-02T13:04:32","slug":"history","status":"publish","type":"page","link":"http:\/\/www.karwenka.at\/?page_id=24","title":{"rendered":"History"},"content":{"rendered":"<p style=\"margin-bottom: 0cm\"><span style=\"font-size: 12pt\"><span style=\"font-family: arial,helvetica,sans-serif\"><span style=\"color: #000000\">Im Herbst 1992 begann in der Innsbrucker Conradkaserne, der Heimat der Milit\u00e4rmusik Tirol, die nunmehr bereits \u00fcber 20-j\u00e4hrige Geschichte der Blaskapelle KARWENKA. In diesen Tagen startete der von b\u00f6hmischer und m\u00e4hrischer Blasmusik begeisterte Engelbert W\u00f6rndle, Tenorist der Milit\u00e4rmusik Tirol, damals noch unter Leitung von Prof. Hans Eibl, mit gleichgesinnten Kollegen das Unternehmen einer original besetzten tschechischer Blaskapelle.<\/span><\/span><\/span><\/p>\n<p style=\"margin-bottom: 0cm\"><span style=\"color: #000000;font-family: arial, helvetica, sans-serif;font-size: 12pt\">Nach einigen Besetzungswechseln fanden sich schlie\u00dflich dreizehn Musiker, die ihre gemeinsame Liebe zu den &#8220;Tschechenst\u00fccken&#8221; entdeckt hatten. \u00dcber den Winter erarbeiteten sie ein Konzertprogramm im Probelokal der Milit\u00e4rmusik Tirol mit vielen original tschechischen St\u00fccken, vornehmlich aus dem Repertoire der Blaskapelle Gloria.<\/span><\/p>\n<p style=\"margin-bottom: 0cm\"><span style=\"font-size: 12pt\"><span style=\"font-family: arial,helvetica,sans-serif\"><span style=\"color: #bebebe\">\u2028<\/span><span style=\"color: #000000\">Beim ersten Fr\u00fchjahrskonzert im Vereinsheim in Arzl wurden die 13 \u201eTiroler Tschechen\u201c von den reichlich erschienenen Zuh\u00f6rern herzlich aufgenommen und in ihren Bem\u00fchungen, die anspruchsvolle tschechische Literatur auch in Zukunft zu interpretieren, best\u00e4rkt.<\/span><\/span><\/span><\/p>\n<p style=\"margin-bottom: 0cm;text-align: center\"><span style=\"font-size: 12pt\"><a href=\"http:\/\/www.karwenka.at\/wp-content\/uploads\/2013\/01\/outfit1.png\"><img loading=\"lazy\" decoding=\"async\" class=\"alignnone size-full wp-image-169\" src=\"http:\/\/www.karwenka.at\/wp-content\/uploads\/2013\/01\/outfit1.png\" alt=\"outfit1\" width=\"500\" height=\"402\" srcset=\"http:\/\/www.karwenka.at\/wp-content\/uploads\/2013\/01\/outfit1.png 500w, http:\/\/www.karwenka.at\/wp-content\/uploads\/2013\/01\/outfit1-300x241.png 300w\" sizes=\"(max-width: 500px) 100vw, 500px\" \/><\/a><\/span><\/p>\n<p style=\"margin-bottom: 0cm\"><span style=\"font-size: 12pt\"><span style=\"font-family: arial,helvetica,sans-serif\"><span style=\"color: #bebebe\">\u2028<\/span><span style=\"color: #000000\">In beinahe unver\u00e4nderter Besetzung spielen die vielbesch\u00e4ftigten Vollblutmusikanten, in den Reihen der ehemaligen und teilweise noch heute aktiven Milit\u00e4rmusikern finden sich auch zahlreiche Kapellmeister und Musiklehrer, seither bei aller Art von Anl\u00e4ssen auf und pr\u00e4sentieren bei ihren Auftritten stets ein breitgef\u00e4chertes Programm. Feurige Polkas, wundersch\u00f6ne Walzermelodien, beeindruckende Solodarbietungen, Eigenkompositionen, traditionelle wie zeitgen\u00f6ssische heimische und internationale Blasmusikliteratur, aber auch moderne Arrangements von Jazz oder Popmusik und Gesangseinlagen erklingen bei KARWENKA-Auftritten.<\/span><\/span><\/span><\/p>\n<p><span style=\"font-size: 12pt\"><img loading=\"lazy\" decoding=\"async\" class=\"size-full wp-image-156 aligncenter\" src=\"http:\/\/www.karwenka.at\/wp-content\/uploads\/2013\/01\/1KonzertArzl.png\" alt=\"1KonzertArzl\" width=\"500\" height=\"333\" srcset=\"http:\/\/www.karwenka.at\/wp-content\/uploads\/2013\/01\/1KonzertArzl.png 500w, http:\/\/www.karwenka.at\/wp-content\/uploads\/2013\/01\/1KonzertArzl-300x199.png 300w\" sizes=\"(max-width: 500px) 100vw, 500px\" \/><\/span><\/p>\n<p style=\"margin-bottom: 0cm\"><span style=\"font-size: 12pt\"><span style=\"font-family: arial,helvetica,sans-serif\"><span style=\"color: #bebebe\">\u2028<\/span><span style=\"color: #000000\">Nach inzwischen weit \u00fcber 100 Auftritten (Fr\u00fch- und D\u00e4mmerschoppen, Kirchen- und Galakonzerte, Radiosendungen, auch live im ORF) in Nord-, S\u00fcd- und Osttirol, Vorarlberg und Salzburg, bei denen die Kapelle ihre hohe Qualit\u00e4t stets unter Beweis zu stellen verstand, erwartet ihre Zuh\u00f6rer immer ein abwechslungsreiches Blasmusikkonzert.<\/span><\/span><\/span><\/p>\n<p style=\"margin-bottom: 0cm\"><span style=\"font-size: 12pt\"><span style=\"font-family: arial,helvetica,sans-serif\"><span style=\"color: #bebebe\">\u2028<\/span><span style=\"color: #000000\">Der musikalische H\u00f6hepunkt der Saison ist das j\u00e4hrliche Fr\u00fchjahrskonzert, das immer im Gro\u00dfraum Innsbruck vor etwa 300 bis 400 Zuh\u00f6rern stattfindet. F\u00fcr die treuesten Fans wurde 1997 ein KARWENKA-Fanclub installiert, dessen etwa 150 Mitglieder als besonders treue Zuh\u00f6rer selbst weite Wege (auch \u00fcber den Brenner) nicht scheuen, um keinen KARWENKA-Auftritt zu vers\u00e4umen. S\u00e4mtliche Fanclub-Mitglieder werden \u00fcber alle Auftritte durch Aussendungen etwa vier Mal im Jahr kostenlos informiert.<\/span><\/span><\/span><\/p>\n<p style=\"margin-bottom: 0cm;text-align: center\"><span style=\"font-size: 12pt\"><img loading=\"lazy\" decoding=\"async\" class=\"alignnone size-full wp-image-160\" src=\"http:\/\/www.karwenka.at\/wp-content\/uploads\/2013\/01\/FJKSchwaz.png\" alt=\"FJKSchwaz\" width=\"500\" height=\"375\" srcset=\"http:\/\/www.karwenka.at\/wp-content\/uploads\/2013\/01\/FJKSchwaz.png 500w, http:\/\/www.karwenka.at\/wp-content\/uploads\/2013\/01\/FJKSchwaz-300x225.png 300w\" sizes=\"(max-width: 500px) 100vw, 500px\" \/><\/span><\/p>\n<p style=\"margin-bottom: 0cm\"><span style=\"font-size: 12pt\"><span style=\"font-family: arial,helvetica,sans-serif\"><span style=\"color: #bebebe\">\u2028<\/span><span style=\"color: #000000\">Nach den ersten Gehversuchen und Auftritten haben die Mitglieder der Kapelle auch versucht, einen Tontr\u00e4ger aufzunehmen. Mit Herbert Eberl vom Tonstudio Stubai gelang es, eine finanzierbare Produktion auf die Beine zu stellen.<\/span><\/span><\/span><\/p>\n<p style=\"margin-bottom: 0cm\"><span style=\"font-size: 12pt\"><span style=\"font-family: arial,helvetica,sans-serif\"><span style=\"color: #bebebe\">\u2028<\/span><span style=\"color: #000000\">Im gerade fertig gestellten neuen Proberaum der Blasmusikkapelle Sistrans wurden 1996 \u201eDie Lerche\u201c und 1997 \u201eF\u00fcr Jeden Etwas\u201c mit Joschi Binder als Aufnahmeleiter eingespielt. Rechtzeitig zum 10-Jahre-Jubil\u00e4um legte die Blaskapelle KARWENKA im Herbst 2002 ihre dritte CD vor. Aufnahmeleiter war diesmal Florian Pranger, die CD tr\u00e4gt den Titel \u201eEs ging ein J\u00e4ger durch den Forst\u201c, das Titelst\u00fcck ist eine grandiose Bravourpolka f\u00fcr 2 Trompeten komponiert von Adam Hudec.<\/span><\/span><\/span><\/p>\n<p style=\"margin-bottom: 0cm\"><span style=\"font-size: 12pt\"><span style=\"font-family: arial,helvetica,sans-serif\"><span style=\"color: #bebebe\">\u2028<\/span><span style=\"color: #000000\">Au\u00dferdem findet sich \u2013 wie auch bei jedem KARWENKA-Konzert \u2013 ein breiter Bogen von musikalischen Stilrichtungen auf der CD, beginnend mit beeindruckenden tschechischen Polkas und wundersch\u00f6nen Walzermelodien \u00fcber Oberkrainer Musik, Solodarbietungen bis hin zu Pop-Musik, etwa bei einem von Zd\u00e9nek Gursky f\u00fcr tschechisches Orchester arrangiertes Beatles-Medley.<\/span><\/span><\/span><\/p>\n<p style=\"margin-bottom: 0cm;text-align: center\"><span style=\"font-size: 12pt\"><img loading=\"lazy\" decoding=\"async\" class=\"alignnone size-full wp-image-164\" src=\"http:\/\/www.karwenka.at\/wp-content\/uploads\/2013\/01\/Wettbewerb.png\" alt=\"Wettbewerb\" width=\"500\" height=\"360\" srcset=\"http:\/\/www.karwenka.at\/wp-content\/uploads\/2013\/01\/Wettbewerb.png 500w, http:\/\/www.karwenka.at\/wp-content\/uploads\/2013\/01\/Wettbewerb-300x216.png 300w\" sizes=\"(max-width: 500px) 100vw, 500px\" \/><\/span><\/p>\n<p style=\"margin-bottom: 0cm\"><span style=\"font-size: 12pt\"><span style=\"font-family: arial,helvetica,sans-serif\"><span style=\"color: #bebebe\">\u2028<\/span><span style=\"color: #000000\">Im Fr\u00fchjahr 2004 kam es zu einem Wechsel auf dem Horn: Klaus Hendler verlie\u00df die Kapelle, Burghard Reindl verst\u00e4rkt seit damals die Rhythmusgruppe der Blaskapelle KARWENKA.<\/span><\/span><\/span><\/p>\n<p style=\"margin-bottom: 0cm\"><span style=\"font-size: 12pt\"><span style=\"font-family: arial,helvetica,sans-serif\"><span style=\"color: #bebebe\">\u2028<\/span><span style=\"color: #000000\">Der Winter 2004\/2005 war von einem \u00dcbergang gekennzeichnet, da Kapellmeister Engelbert W\u00f6rndle die musikalische Leitung abgab. Daraufhin \u00fcbernahmen Wilhelm Kapferer, Arno Seiwald, Walter Steinlechner und Herbert Zimmermann gemeinsam die musikalische Leitung der Blaskapelle KARWENKA und studierten ein Programm f\u00fcr das Fr\u00fchjahrskonzert 2005 ein.<\/span><\/span><\/span><\/p>\n<p style=\"margin-bottom: 0cm\"><span style=\"font-size: 12pt\"><span style=\"font-family: arial,helvetica,sans-serif\"><span style=\"color: #000000\">Nach dem Fr\u00fchjahrskonzert kam es zur endg\u00fcltigen Trennung von Engelbert W\u00f6rndle, unser neuestes Mitglied ist Tenorist und Posaunist Peter Obrist.<\/span><\/span><\/span><\/p>\n<p style=\"margin-bottom: 0cm\"><span style=\"font-size: 12pt\"><span style=\"font-family: arial,helvetica,sans-serif\"><span style=\"color: #bebebe\">\u00a0<\/span><\/span><\/span><\/p>\n<p style=\"margin-bottom: 0cm\"><span style=\"font-size: 12pt\"><span style=\"font-family: arial,helvetica,sans-serif\"><span style=\"color: #000000\">Dass die Arbeit der neuen musikalischen F\u00fchrung auch von unseren Zuh\u00f6rern goutiert wird, bewies das Fr\u00fchjahrskonzert 2006. In einem brechend vollen Gemeindesaal Ampass herrschte wieder beste Atmosph\u00e4re und gro\u00dfe Zufriedenheit unter dem Publikum.<\/span><\/span><\/span><\/p>\n<p style=\"margin-bottom: 0cm;text-align: center\"><span style=\"font-size: 12pt\"><span style=\"font-family: arial,helvetica,sans-serif\"><span style=\"color: #bebebe\">\u00a0<img loading=\"lazy\" decoding=\"async\" class=\"alignnone size-full wp-image-161\" src=\"http:\/\/www.karwenka.at\/wp-content\/uploads\/2013\/01\/FJK2006.png\" alt=\"FJK2006\" width=\"500\" height=\"375\" srcset=\"http:\/\/www.karwenka.at\/wp-content\/uploads\/2013\/01\/FJK2006.png 500w, http:\/\/www.karwenka.at\/wp-content\/uploads\/2013\/01\/FJK2006-300x225.png 300w\" sizes=\"(max-width: 500px) 100vw, 500px\" \/><\/span><\/span><\/span><\/p>\n<p style=\"margin-bottom: 0cm\"><span style=\"font-size: 12pt\"><span style=\"font-family: arial,helvetica,sans-serif\"><span style=\"color: #bebebe\">\u00a0<\/span><\/span><\/span><\/p>\n<p style=\"margin-bottom: 0cm\"><span style=\"font-size: 12pt\"><span style=\"font-family: arial,helvetica,sans-serif\"><span style=\"color: #000000\">Im Jahr 2007 folgte schlie\u00dflich mit der Produktion der 4. CD \u201eOhne Grenzen\u201c die n\u00e4chste gro\u00dfe musikalische Herausforderung f\u00fcr die Kapelle. Dank der K\u00fcnste des \u201eTon-Meisters\u201c Hans Perkhofer und der perfekten musikalischen sowie organisatorischen Leitung Walter Steinlechners liegt nun nach einem anstrengenden Wochenende mit Aufnahmen im Probelokal der Musikkapelle Vomp der neue Tontr\u00e4ger in toller Klangqualit\u00e4t vor. Darauf finden die Zuh\u00f6rer neben der gewohnt bunten musikalischen Mischung diesmal erstmals auch Solo-Gesangstitel. Unter gro\u00dfem Publikumsandrang wurde das Ergebnis unserer Bem\u00fchungen in Sistrans-Tigls pr\u00e4sentiert und stie\u00df auf durchwegs positives Echo.<\/span><\/span><\/span><\/p>\n<p style=\"margin-bottom: 0cm;text-align: center\"><span style=\"font-size: 12pt\"><span style=\"font-family: arial,helvetica,sans-serif\"><span style=\"color: #bebebe\"><a href=\"http:\/\/www.karwenka.at\/wp-content\/uploads\/2013\/01\/cdaufnahme2007.png\"><img loading=\"lazy\" decoding=\"async\" class=\"alignnone size-full wp-image-171\" src=\"http:\/\/www.karwenka.at\/wp-content\/uploads\/2013\/01\/cdaufnahme2007.png\" alt=\"cdaufnahme2007\" width=\"500\" height=\"352\" srcset=\"http:\/\/www.karwenka.at\/wp-content\/uploads\/2013\/01\/cdaufnahme2007.png 500w, http:\/\/www.karwenka.at\/wp-content\/uploads\/2013\/01\/cdaufnahme2007-300x211.png 300w\" sizes=\"(max-width: 500px) 100vw, 500px\" \/><\/a>\u00a0<\/span><\/span><\/span><\/p>\n<p style=\"margin-bottom: 0cm\"><span style=\"font-size: 12pt\"><span style=\"font-family: arial,helvetica,sans-serif\"><span style=\"color: #000000\">Nach einem \u00e4u\u00dferst gelungenen Fr\u00fchjahrskonzert war der gro\u00dfe H\u00f6hepunkt des Jahres 2008 die Teilnahme am Wettbewerb im Rahmen des 1. S\u00fcdtiroler Festivals der b\u00f6hmischen und m\u00e4hrischen Blasmusik in M\u00fchlbach bei Brixen. Die Blaskapelle KARWENKA trat in der Oberstufe an und konnte sich im Pustertal dank einer sehr guten Leistung unter der internationalen Konkurrenz auf Rang 2 platzieren.<\/span><\/span><\/span><\/p>\n<p style=\"margin-bottom: 0cm;text-align: center\"><span style=\"font-size: 12pt\"><span style=\"font-family: arial,helvetica,sans-serif\"><span style=\"color: #bebebe\"><a href=\"http:\/\/www.karwenka.at\/wp-content\/uploads\/2013\/01\/M\u00fchlbachl2008.png\"><img loading=\"lazy\" decoding=\"async\" class=\"alignnone size-full wp-image-175\" src=\"http:\/\/www.karwenka.at\/wp-content\/uploads\/2013\/01\/M\u00fchlbachl2008.png\" alt=\"M\u00fchlbachl2008\" width=\"500\" height=\"294\" srcset=\"http:\/\/www.karwenka.at\/wp-content\/uploads\/2013\/01\/M\u00fchlbachl2008.png 500w, http:\/\/www.karwenka.at\/wp-content\/uploads\/2013\/01\/M\u00fchlbachl2008-300x176.png 300w\" sizes=\"(max-width: 500px) 100vw, 500px\" \/><\/a>\u00a0<\/span><\/span><\/span><\/p>\n<p><span style=\"font-size: 12pt\"><span style=\"font-family: arial,helvetica,sans-serif\"><span style=\"color: #000000\">In den letzten Jahren gelingt es immer mehr, das musikalische Repertoire zu erweitern, j\u00e4hrlich schaffen es wieder neu geschaffene \u201ehauseigene\u201c Arrangements in das aktuelle Programm, wobei auch immer \u00f6fter zum Mikrophon gegriffen wird. Dass dies den Geschmack des Publikums trifft, zeigen die Besucherzahlen bei den Fr\u00fchjahrskonzerten sowie die mittlerweile stattliche Anzahl an KARWENKA-Fanclub-Mitgliedern, welche die Auftritte der Blaskapelle KARWENKA so oft wie m\u00f6glich besuchen.\u00a0<\/span><\/span><\/span><\/p>\n<p><span style=\"color: #000000;font-size: 12pt\"><span style=\"font-family: arial,helvetica,sans-serif\">Nach einem gelungenen Start in unser Jubil\u00e4umsjahr 2012 mit zwei gut besuchten Fr\u00fchjahrskonzerten in Ampass wagte die Blaskapelle KARWENKA einen Ausflug in musikalisches Neuland, als wir gebeten wurden, beim allj\u00e4hrlich von Trompeten-Legende Franz Hackl jun. organisierten Outreach-Festival in Schwaz mitzuwirken. Im Rahmen der Veranstaltung &#8220;Outreach Expeditions &#8211; No Fear mit Prof. Dr. Margreiter&#8221; hatten wir die gro\u00dfe Ehre, gemeinsam mit gro\u00dfartigen Jazz-Musikern bei der Urauff\u00fchrung des speziell f\u00fcr diesen Anlass komponierten Werks von John Clark mitzuwirken. Nach intensiver Probenarbeit konnte schlie\u00dflich ein Multimedia-Vortrag des bekannten Tiroler Transplantationschirurgen Prof. Dr. Raimund Margreiter mit der wunderbaren Musik von John Clark in perfekter Kombination dargeboten werden. Wir danken f\u00fcr die Einladung und die tollen Erfahrungen!<\/span><\/span><\/p>\n<p style=\"text-align: center\"><span style=\"color: #000000;font-size: 12pt\"><img loading=\"lazy\" decoding=\"async\" class=\"alignnone size-full wp-image-188\" src=\"http:\/\/www.karwenka.at\/wp-content\/uploads\/2013\/01\/Outreach-2012.png\" alt=\"Outreach 2012\" width=\"500\" height=\"333\" srcset=\"http:\/\/www.karwenka.at\/wp-content\/uploads\/2013\/01\/Outreach-2012.png 500w, http:\/\/www.karwenka.at\/wp-content\/uploads\/2013\/01\/Outreach-2012-300x199.png 300w\" sizes=\"(max-width: 500px) 100vw, 500px\" \/><\/span><\/p>\n<p><span style=\"font-size: 12pt\"><span style=\"color: #000000\">Im Herbst <\/span><span style=\"font-family: arial,helvetica,sans-serif\"><span style=\"color: #000000\">durften wir zahlreiche Besucher bei unserer 20-Jahre-KARWENKA-Geburtstagsfeier im Mehrzwecksaal Vomp begr\u00fc\u00dfen und mit Ihnen gemeinsam auf die beiden vergangenen Jahrzehnte zur\u00fcckblicken. Herzlichen Dank an die Mitglieder der MK Vomp, welche die Veranstaltung gemeinsam mit uns organisiert und unsere G\u00e4ste in bew\u00e4hrter Weise kulinarisch bestens versorgt hat. Fotos von unserem Jubil\u00e4um sind im Men\u00fcpunkt Bilder zu finden.<\/span><\/span><\/span><\/p>\n<p style=\"margin-bottom: 0cm;text-align: center\"><span style=\"font-size: 12pt\"><img loading=\"lazy\" decoding=\"async\" class=\"alignnone size-full wp-image-162\" src=\"http:\/\/www.karwenka.at\/wp-content\/uploads\/2013\/01\/Jubil\u00e4umskonzert2012.png\" alt=\"Jubil\u00e4umskonzert2012\" width=\"500\" height=\"354\" srcset=\"http:\/\/www.karwenka.at\/wp-content\/uploads\/2013\/01\/Jubil\u00e4umskonzert2012.png 500w, http:\/\/www.karwenka.at\/wp-content\/uploads\/2013\/01\/Jubil\u00e4umskonzert2012-300x212.png 300w\" sizes=\"(max-width: 500px) 100vw, 500px\" \/><\/span><\/p>\n<p style=\"margin-bottom: 0cm\"><span style=\"font-size: 12pt\"><span style=\"font-family: arial,helvetica,sans-serif\"><span style=\"color: #000000\">Der n\u00e4chste H\u00f6hepunkt in der KARWENKA-Geschicht<\/span>e war unser 20. <span style=\"color: #000000\">Fr\u00fchjahrskonzert, welches am 16. und 17. M\u00e4rz 2013 in Ampass wieder gemeinsam mit der MK Ampass veranstaltet wurde. Herzlichen Dank an alle Fans und Freunde, die sich in Ampass eingefunden haben!<\/span><\/span><\/span><\/p>\n<p>&nbsp;<\/p>\n<p style=\"font-size: 14px\"><span style=\"color: #000000;font-size: 12pt\"><span style=\"font-family: arial,helvetica,sans-serif\">Bei unserer C\u00e4cilienfeier im Oktober 2013 in Innsbruck-Arzl haben wir zwei Gr\u00fcndungsmitlieder in den &#8220;KARWENKA-Ruhestand&#8221;\u00a0verabschiedet. Mit Gerold Oberhauser und Hans Heidegger haben uns zwei au\u00dfergew\u00f6hnliche\u00a0 Musikanten verlassen, denen wir auf diesem Wege &#8220;Vam pratele \u2013 Freunde, lebt wohl&#8221; sagen m\u00fcssen. <\/span><\/span><\/p>\n<p style=\"font-size: 14px\"><span style=\"color: #000000;font-size: 12pt\"><span style=\"font-family: arial,helvetica,sans-serif\">Als neue Musiker konnten wir Ossi Haider am Schlagzeug und Michael H\u00f6lbling an Baryton und Posaune begr\u00fc\u00dfen. Wir hoffen auf gute und harmonische Zusammenarbeit und freuen uns schon auf viele k\u00fcnftige Auftritte! Beim Fr\u00fchjahrskonzert 2014, das erstmalig in Vomp stattgefunden hat, konnten wir dem zahlreich erschienenen Publikum beweisen, dass der Besetzungswechsel reibungslos klappte.<br \/>\n<\/span><\/span><\/p>\n<p style=\"font-size: 14px\"><span style=\"color: #000000;font-size: 12pt\"><span style=\"font-family: arial,helvetica,sans-serif\">Den gr\u00f6\u00dften Erfolg in der Bestandsgeschichte durften die MItglieder der Blaskapelle KARWENKA bei der 15. offiziellen EM des internationalen Blasmusikverbandes f\u00fcr B\u00f6hmische und M\u00e4hrische Blasmusik im Juni 2014 in Ried\/Innkreis feiern. In einem international besetzten Starterfeld konnten sie sich \u00fcber einen 2 Rang in der Oberstufe freuen und d\u00fcrfen sich nunmehr Vize-Europameister 2014 nennen.<br \/>\n<\/span><\/span><\/p>\n<p><span style=\"font-size: 12pt\">\r\n<a href=\"http:\/\/www.karwenka.at\/wp-content\/gallery\/em-2014\/karwenka-191.jpg\" title=\"\" class=\"shutterset_singlepic166\" >\r\n\t<img decoding=\"async\" class=\"ngg-singlepic ngg-center\" src=\"http:\/\/www.karwenka.at\/wp-content\/gallery\/cache\/166__500x334_karwenka-191.jpg\" alt=\"karwenka-191\" title=\"karwenka-191\" \/>\r\n<\/a>\r\n<\/span><\/p>\n<p><span style=\"font-size: 12pt\">\r\n<a href=\"http:\/\/www.karwenka.at\/wp-content\/gallery\/em-2014\/karwenka-42.jpg\" title=\"\" class=\"shutterset_singlepic167\" >\r\n\t<img decoding=\"async\" class=\"ngg-singlepic ngg-center\" src=\"http:\/\/www.karwenka.at\/wp-content\/gallery\/cache\/167__500x334_karwenka-42.jpg\" alt=\"karwenka-42\" title=\"karwenka-42\" \/>\r\n<\/a>\r\n<\/span><\/p>\n<p>&nbsp;<\/p>\n<p><span style=\"color: #000000;font-size: 12pt\"><span style=\"font-family: arial,helvetica,sans-serif\">Eindrucksvoll best\u00e4tigte die Kapelle Ihren Vize-Europameistertitel beim Wettbewerb anl\u00e4sslich des 4. S\u00fcdtiroler Festivlas der b\u00f6hmischen und m\u00e4hrischen Blasmusik in M\u00fchlbach 2014. In der Oberstufe konnte Platz 1 errungen werden. Aufgrund der hohen Punktezahl von 94,45 Punkten, die von der internationalen Fachjury vergeben wurden, durften die Mitglieder der Blaskapelle KARWENKA auch den Festival-Gesamtsieg feiern.<\/span><\/span><\/p>\n<p>&nbsp;<\/p>\n<p><span style=\"color: #000000;font-size: 12pt\"><span style=\"font-family: arial,helvetica,sans-serif\"> Die tollen musikalischen Erfolge im Jahr 2014 wurden mit einem Gala-Konzert am Nationalfeiertag in Vomp geb\u00fchrend gefeiert. Neben der Europameisterschafts- und der Wettbewerbs-Literatur pr\u00e4sentierte die Blaskapelle KARWENKA einen bunten Reigen von Solo-Darbietungen, modernen Arrangements und als Abschluss eine Runde mit &#8220;Greatest Hits&#8221;.<br \/>\n\r\n<a href=\"http:\/\/www.karwenka.at\/wp-content\/gallery\/galakonzert-2014\/img_8983.jpg\" title=\"\" class=\"shutterset_singlepic189\" >\r\n\t<img decoding=\"async\" class=\"ngg-singlepic ngg-center\" src=\"http:\/\/www.karwenka.at\/wp-content\/gallery\/cache\/189__320x240_img_8983.jpg\" alt=\"img_8983\" title=\"img_8983\" \/>\r\n<\/a>\r\n<br \/>\n<\/span><\/span><\/p>\n<p><span style=\"color: #000000;font-size: 12pt\"><span style=\"font-family: arial,helvetica,sans-serif\"> Eine Besonderheit stellte die Verleihung der 1. Ehrenmitgliedschaft der Blaskapelle KARWENKA an unser ehemaliges Mitglied, den Hornisten Klaus Hendler aus Vomp, dar. Klaus hat uns in den letzten Jahren immer wieder ausgeholfen &#8211; unter anderem bei der EM in Ried &#8211; Klaus wir bedanken uns herzlich f\u00fcr deine wertvollen Dienste!<br \/>\n\r\n<a href=\"http:\/\/www.karwenka.at\/wp-content\/gallery\/galakonzert-2014\/img_0776.jpg\" title=\"\" class=\"shutterset_singlepic184\" >\r\n\t<img decoding=\"async\" class=\"ngg-singlepic ngg-center\" src=\"http:\/\/www.karwenka.at\/wp-content\/gallery\/cache\/184__320x240_img_0776.jpg\" alt=\"img_0776\" title=\"img_0776\" \/>\r\n<\/a>\r\n<br \/>\n<\/span><\/span><\/p>\n<p><span style=\"color: #000000;font-size: 12pt\"><span style=\"font-family: arial,helvetica,sans-serif\">Im Rahmen des Gala-Konzertes mussten wir uns von unserem Gr\u00fcndungsmitglied Otti Knoflach aus Sistrans, der seit 1992 auf der Es-Klarinette und dem Alt-Saxophon herausragende musikalische Leistungen f\u00fcr die Blaskapelle KARWENKA abgeliefert hat, verabschieden. Otti hat beschlossen, seine musikalische Karriere an den Nagel zu h\u00e4ngen und die Freizeit k\u00fcnftig seiner Familie und sportlichen Aktivit\u00e4ten zu widmen. Otti, wir danken dir f\u00fcr die vielen Stunden, in welchen wir gemeinsam mit dir musizieren durften und w\u00fcnschen dir alles Gute f\u00fcr die Zukunft!<br \/>\n\r\n<a href=\"http:\/\/www.karwenka.at\/wp-content\/gallery\/galakonzert-2014\/img_8950.jpg\" title=\"\" class=\"shutterset_singlepic188\" >\r\n\t<img decoding=\"async\" class=\"ngg-singlepic ngg-center\" src=\"http:\/\/www.karwenka.at\/wp-content\/gallery\/cache\/188__320x240_img_8950.jpg\" alt=\"img_8950\" title=\"img_8950\" \/>\r\n<\/a>\r\n<\/span><\/span><\/p>\n<p><span style=\"color: #000000;font-size: 12pt\"><span style=\"font-family: arial,helvetica,sans-serif\">Bereits bei unserem 22. Fr\u00fchjahrskonzert im Gemeindesaal in Ampass konnte ein vielbesch\u00e4ftigter Spitzen-Musiker als Nachfolger Otti Knoflachs pr\u00e4sentieret werden: Mit Stephan Moosmann aus Arzl\/Ibk an Es-Klarinette und Alt-Saxophon geht die Geschichte der Blaskapelle KARWENKA munter weiter! Stephan ist musikaisch \u00e4u\u00dferst aktiv, unter anderem als Dozent beim Bl\u00e4serurlaub Bad Goisern, Mitglied im Tiroler Ensemble f\u00fcr Neue Musik, Orchester der Akademie St. Blasius und zahlreiche Engagements als Substitut (Mozarteum Orchester Salzburg, Tiroler Symphonieorchester, Camerata Salzburg, Orchester der Tiroler Festspiele Erl). Wir freuen uns schon sehr auf unsere gemeinsame musikalische Zukunft!<\/span><\/span><\/p>\n<p><span style=\"font-size: 12pt\">\r\n<a href=\"http:\/\/www.karwenka.at\/wp-content\/gallery\/em-2016\/p1370495.jpg\" title=\"\" class=\"shutterset_singlepic207\" >\r\n\t<img decoding=\"async\" class=\"ngg-singlepic\" src=\"http:\/\/www.karwenka.at\/wp-content\/gallery\/cache\/207__x_p1370495.jpg\" alt=\"p1370495\" title=\"p1370495\" \/>\r\n<\/a>\r\n<\/span><\/p>\n<p><span style=\"color: #000000;font-size: 12pt\"><span style=\"font-family: arial,helvetica,sans-serif\"> Der wohl erfreulichste Tag in der Geschichte der Blaskapelle KARWENKA war der Pfingstsonntag 15.05.2016. An diesem Tag nahm die Kapelle an der 17. offiziellen Europameisterschaft des internationalen Blasmusikverbandes CISM f\u00fcr b\u00f6hmische und m\u00e4hrische Blasmusik teil und konnte sich in der Oberstufe den EUROPAMEISTERTITEL 2016 sichern! Diesen herausragenden Erfolg feierten die Mitglieder der Blaskapelle KARWENKA bei einem Konzert-Fr\u00fchschoppen im Kreise ihrer Fans und Freunde geb\u00fchrend im Musikpavillon Vomp.<br \/>\n<\/span><\/span><\/p>\n<p style=\"margin-bottom: 0cm\"><span style=\"font-size: 12pt\"><span style=\"font-family: arial,helvetica,sans-serif\"><span style=\"color: #000000\">IIm Dezember 2016 verabschiedete sich Burghard Reindl nach \u00fcber 12 Jahren von der Blaskapelle KARWENKA. Burghard &#8211; wir danken dir f\u00fcr deinen flei\u00dfigen Einsatz\u00a0 und w\u00fcnschen dir alles Gute in der &#8220;KARWENKA-Pension&#8221;. Auf der Suche nach einem geeignetem Nachfolger auf dem Waldhorn brauchte nicht allzu lange nachgedacht werden &#8211; der Vorg\u00e4nger von Burghard wurde auch zu dessen Nachfolger: Gr\u00fcndungs- und Ehrenmitglied Klaus Hendler ist wieder an Bord! Seinen ersten Einsatz hatte er bereits bei der CD-Aufnahme Anfang J\u00e4nner 2017. <\/span><\/span><\/span><\/p>\n<p>&nbsp;<\/p>\n<p style=\"margin-bottom: 0cm\"><span style=\"font-size: 14px\"><span style=\"font-family: arial,helvetica,sans-serif\"><span style=\"color: #000000\"><span style=\"font-size: 12pt\">Nach 10 Jahren Pause legt die Blaskapelle KARWENKA also einen neuen Tontr\u00e4ger vor: Die CD mit dem passenden Titel \u201cLeckerbissen\u201d wurde am Sonntag 19. M\u00e4rz 2017 um 11:00 Uhr im Mehrzwecksaal Vomp pr\u00e4sentiert. Dabei durften die Europameister etwa 400 Besucher begr\u00fc\u00dfen und spielten f\u00fcr sie alle St\u00fccke der neuen CD sowie weitere Highlights und KARWENKA-Klassiker. Besonderer Dank geht an die flei\u00dfigen Mitglieder der MK Vomp, die die stattliche Anzahl der anwesenden Blasmusik-Fans kulinarisch bestens versorgte. Alle KARWENKA-CDs sind per E-Mail an karwenka@gmx.at zu bestellen, so lange der Vorrat reicht.<\/span><br \/>\n<span style=\"font-size: 12pt\">\r\n<a href=\"http:\/\/www.karwenka.at\/wp-content\/gallery\/cd-praesentation-2017\/p1390778.jpg\" title=\"\" class=\"shutterset_singlepic229\" >\r\n\t<img decoding=\"async\" class=\"ngg-singlepic ngg-center\" src=\"http:\/\/www.karwenka.at\/wp-content\/gallery\/cache\/229__x_p1390778.jpg\" alt=\"p1390778\" title=\"p1390778\" \/>\r\n<\/a>\r\n<\/span><br \/>\n<\/span><\/span><\/span><\/p>\n<p>&nbsp;<\/p>\n<p><span style=\"font-family: arial, helvetica, sans-serif;font-size: 12pt;color: #000000\">Am 18. M\u00e4rz 2018 durfte die Blaskapelle KARWENKA ein Jubil\u00e4um feiern und spielte ihr bereits 25. Fr\u00fchjahrskonzert im Mehrzwecksaal Vomp vor zahlreich anwesenden Publikum. Den Ausklang gestalteten die &#8220;Wattentaler Musikanten&#8221;.<\/span><\/p>\n<p><img loading=\"lazy\" decoding=\"async\" class=\"alignnone wp-image-935 size-full\" src=\"http:\/\/www.karwenka.at\/wp-content\/uploads\/2022\/08\/P1420582-k.jpg\" alt=\"\" width=\"1929\" height=\"1086\" srcset=\"http:\/\/www.karwenka.at\/wp-content\/uploads\/2022\/08\/P1420582-k.jpg 1929w, http:\/\/www.karwenka.at\/wp-content\/uploads\/2022\/08\/P1420582-k-300x169.jpg 300w, http:\/\/www.karwenka.at\/wp-content\/uploads\/2022\/08\/P1420582-k-1024x576.jpg 1024w, http:\/\/www.karwenka.at\/wp-content\/uploads\/2022\/08\/P1420582-k-768x432.jpg 768w, http:\/\/www.karwenka.at\/wp-content\/uploads\/2022\/08\/P1420582-k-1536x865.jpg 1536w, http:\/\/www.karwenka.at\/wp-content\/uploads\/2022\/08\/P1420582-k-847x477.jpg 847w\" sizes=\"(max-width: 1929px) 100vw, 1929px\" \/><\/p>\n<p><span style=\"font-family: arial, helvetica, sans-serif;font-size: 12pt;color: #000000\">Ein weiterer H\u00f6hepunkt in der Geschichte der Blaskapelle KARWENKA war das Engagement bei der 1. Auflage der mehrt\u00e4gigen Blasmusik Open-Air Veranstaltung &#8220;Blechlawine&#8221; in Mayrhofen im Juni 2019. Beim Sonntags-Fr\u00fchschoppen konnte den vielen Blasmusik-Fans feinste und abwechslungsreiche Blasmusik geboten werden. Wir freuen uns schon sehr auf unsere Teilnahme an der &#8220;Blechlawine 3.0&#8221; im Jahr 2023. <\/span><img loading=\"lazy\" decoding=\"async\" class=\"alignnone wp-image-936 size-full\" src=\"http:\/\/www.karwenka.at\/wp-content\/uploads\/2022\/08\/P1480748-k-Blechlawine.jpg\" alt=\"\" width=\"1929\" height=\"1087\" srcset=\"http:\/\/www.karwenka.at\/wp-content\/uploads\/2022\/08\/P1480748-k-Blechlawine.jpg 1929w, http:\/\/www.karwenka.at\/wp-content\/uploads\/2022\/08\/P1480748-k-Blechlawine-300x169.jpg 300w, http:\/\/www.karwenka.at\/wp-content\/uploads\/2022\/08\/P1480748-k-Blechlawine-1024x577.jpg 1024w, http:\/\/www.karwenka.at\/wp-content\/uploads\/2022\/08\/P1480748-k-Blechlawine-768x433.jpg 768w, http:\/\/www.karwenka.at\/wp-content\/uploads\/2022\/08\/P1480748-k-Blechlawine-1536x866.jpg 1536w, http:\/\/www.karwenka.at\/wp-content\/uploads\/2022\/08\/P1480748-k-Blechlawine-847x477.jpg 847w\" sizes=\"(max-width: 1929px) 100vw, 1929px\" \/><\/p>\n<p><span style=\"font-family: arial, helvetica, sans-serif;font-size: 12pt;color: #000000\">Nach zwei weiteren sehr erfolgreichen Auftritten bei der Matereier Freinacht und dem Feiertags-Fr\u00fchschoppen am 15. August in Vomp ging das Jahr 2019 f\u00fcr die Blaskapelle KARWENKA zu Ende. Zu diesem Zeitpunkt konnten niemand ahnen, was in K\u00fcrze auf uns alle zukommen sollte&#8230;<\/span><\/p>\n<p><span style=\"font-family: arial, helvetica, sans-serif;font-size: 12pt;color: #000000\">Ein ganz normaler Winter 2019 \/ 2020 verging und die Musiker der Blaskapelle KARWENKA trafen sich wie gewohnt im Probelokal, um sich auf das 27. Fr\u00fchjahskonzert am 14.03.2020 vorzubereiten &#8211; nach l\u00e4ngerer Zeit endlich wieder einmal bei unseren Freunden in Ampass. Doch genau 4 Tage vor unserem Termin machte uns der Corona-Virus einen Strich durch die Rechnung und wir mussten aufgrund der beschlossenen Ma\u00dfnahmen der Bundesregierung das Konzert absagen. <\/span><\/p>\n<p><span style=\"font-family: arial, helvetica, sans-serif;font-size: 12pt;color: #000000\">In den Jahren 2020 und 2021 konnten wir insgesamt nur 4 Auftritte wahrnehmen, da die meisten Veranstaltungen aufgrund der Pandemie gar nicht duchgef\u00fchrt oder abgesagt wurden. In diesen beiden Jahren konnten wir auch keine Fr\u00fchjahrskonzerte organisiseren, hoffentlich bleibt es dabei und ab 2023 findet das musikalische Highlight des KARWENKA-Jahres wieder allj\u00e4hrlich statt.<\/span><\/p>\n<p><span style=\"font-family: arial, helvetica, sans-serif;font-size: 12pt\"><span style=\"color: #000000\">Der n\u00e4chste H\u00f6hepunkt in der Geschichte der Blaskapelle KARWENKA fand am Sonntag 18.09.2022 im Gemeindesaal Ampass statt, unser 30-j\u00e4hriges Jubil\u00e4um! Herzlichen Dank an die MK Ampass f\u00fcr die wie immer perfekte Bewirtung unserer treuen KARWENKA-Fans.<\/span><\/span>\u00a0<img loading=\"lazy\" decoding=\"async\" class=\"alignnone wp-image-980 size-large\" src=\"http:\/\/www.karwenka.at\/wp-content\/uploads\/2023\/02\/IMG_5468-k-1024x768.jpg\" alt=\"\" width=\"847\" height=\"635\" srcset=\"http:\/\/www.karwenka.at\/wp-content\/uploads\/2023\/02\/IMG_5468-k-1024x768.jpg 1024w, http:\/\/www.karwenka.at\/wp-content\/uploads\/2023\/02\/IMG_5468-k-300x225.jpg 300w, http:\/\/www.karwenka.at\/wp-content\/uploads\/2023\/02\/IMG_5468-k-768x576.jpg 768w, http:\/\/www.karwenka.at\/wp-content\/uploads\/2023\/02\/IMG_5468-k-1536x1152.jpg 1536w, http:\/\/www.karwenka.at\/wp-content\/uploads\/2023\/02\/IMG_5468-k-847x635.jpg 847w, http:\/\/www.karwenka.at\/wp-content\/uploads\/2023\/02\/IMG_5468-k.jpg 1672w\" sizes=\"(max-width: 847px) 100vw, 847px\" \/><\/p>\n<p>&nbsp;<\/p>\n","protected":false},"excerpt":{"rendered":"<p>Im Herbst 1992 begann in der Innsbrucker Conradkaserne, der Heimat der Milit\u00e4rmusik Tirol, die nunmehr bereits \u00fcber 20-j\u00e4hrige Geschichte der Blaskapelle KARWENKA. In diesen Tagen startete der von b\u00f6hmischer und m\u00e4hrischer Blasmusik begeisterte Engelbert W\u00f6rndle, Tenorist der Milit\u00e4rmusik Tirol, damals noch unter Leitung von Prof. Hans Eibl, mit gleichgesinnten Kollegen das Unternehmen einer original besetzten &hellip; <\/p>\n<p><a class=\"more-link btn\" href=\"http:\/\/www.karwenka.at\/?page_id=24\">Weiterlesen<\/a><\/p>\n","protected":false},"author":1,"featured_media":0,"parent":0,"menu_order":0,"comment_status":"closed","ping_status":"closed","template":"","meta":{"footnotes":""},"_links":{"self":[{"href":"http:\/\/www.karwenka.at\/index.php?rest_route=\/wp\/v2\/pages\/24"}],"collection":[{"href":"http:\/\/www.karwenka.at\/index.php?rest_route=\/wp\/v2\/pages"}],"about":[{"href":"http:\/\/www.karwenka.at\/index.php?rest_route=\/wp\/v2\/types\/page"}],"author":[{"embeddable":true,"href":"http:\/\/www.karwenka.at\/index.php?rest_route=\/wp\/v2\/users\/1"}],"replies":[{"embeddable":true,"href":"http:\/\/www.karwenka.at\/index.php?rest_route=%2Fwp%2Fv2%2Fcomments&post=24"}],"version-history":[{"count":73,"href":"http:\/\/www.karwenka.at\/index.php?rest_route=\/wp\/v2\/pages\/24\/revisions"}],"predecessor-version":[{"id":982,"href":"http:\/\/www.karwenka.at\/index.php?rest_route=\/wp\/v2\/pages\/24\/revisions\/982"}],"wp:attachment":[{"href":"http:\/\/www.karwenka.at\/index.php?rest_route=%2Fwp%2Fv2%2Fmedia&parent=24"}],"curies":[{"name":"wp","href":"https:\/\/api.w.org\/{rel}","templated":true}]}}